{"id":28,"date":"2024-10-18T22:38:59","date_gmt":"2024-10-18T20:38:59","guid":{"rendered":"https:\/\/acteurs-lr.fr\/?page_id=28"},"modified":"2025-09-04T09:19:18","modified_gmt":"2025-09-04T07:19:18","slug":"nos-actions","status":"publish","type":"page","link":"https:\/\/acteurs-lr.fr\/index.php\/nos-actions\/","title":{"rendered":"Nos actions"},"content":{"rendered":"\n<div style=\"height:64px\" aria-hidden=\"true\" class=\"wp-block-spacer\"><\/div>\n\n\n\n<div class=\"wp-block-media-text is-stacked-on-mobile\" style=\"grid-template-columns:24% auto\"><figure class=\"wp-block-media-text__media\"><img loading=\"lazy\" decoding=\"async\" width=\"100\" height=\"100\" src=\"http:\/\/acteurs-lr.fr\/wp-content\/uploads\/2024\/10\/picto_js.jpg\" alt=\"Picto BC et VAE\" class=\"wp-image-94 size-full\"\/><\/figure><div class=\"wp-block-media-text__content\">\n<p><strong><a href=\"https:\/\/acteurs-lr.fr\/index.php\/bilans-de-competences-et-vae\/\" data-type=\"page\" data-id=\"104\">Bilans de Comp\u00e9tences et VAE<\/a><\/strong><\/p>\n\n\n\n<p>Donnez de l&#8217;\u00e9lan \u00e0 vos projets en valorisant vos comp\u00e9tences.<\/p>\n<\/div><\/div>\n\n\n\n<div class=\"wp-block-media-text has-media-on-the-right is-stacked-on-mobile\" style=\"grid-template-columns:auto 24%\"><div class=\"wp-block-media-text__content\">\n<p><strong><a href=\"https:\/\/acteurs-lr.fr\/index.php\/nos-accompagnements\/\" data-type=\"page\" data-id=\"106\">Nos accompagnements<\/a><\/strong><\/p>\n\n\n\n<p>Concr\u00e9tisez vos projets et votre retour \u00e0 l&#8217;emploi.<\/p>\n<\/div><figure class=\"wp-block-media-text__media\"><img loading=\"lazy\" decoding=\"async\" width=\"100\" height=\"100\" src=\"http:\/\/acteurs-lr.fr\/wp-content\/uploads\/2024\/10\/picto_acc.jpg\" alt=\"Picto Accompagnement\" class=\"wp-image-90 size-full\"\/><\/figure><\/div>\n\n\n\n<div class=\"wp-block-media-text is-stacked-on-mobile\" style=\"grid-template-columns:24% auto\"><figure class=\"wp-block-media-text__media\"><img loading=\"lazy\" decoding=\"async\" width=\"100\" height=\"100\" src=\"http:\/\/acteurs-lr.fr\/wp-content\/uploads\/2024\/10\/picto_blog.jpg\" alt=\"Picto formation\" class=\"wp-image-92 size-full\"\/><\/figure><div class=\"wp-block-media-text__content\">\n<p><strong><a href=\"https:\/\/acteurs-lr.fr\/index.php\/nos-formations\/\" data-type=\"page\" data-id=\"108\">Nos formations<\/a><\/strong><\/p>\n\n\n\n<p>D\u00e9veloppez vos comp\u00e9tences pour votre orientation professionnelle.<\/p>\n<\/div><\/div>\n\n\n\n<div class=\"wp-block-media-text has-media-on-the-right is-stacked-on-mobile\" style=\"grid-template-columns:auto 24%\"><div class=\"wp-block-media-text__content\">\n<p><strong><a href=\"https:\/\/acteurs-lr.fr\/index.php\/nos-formations\/\" data-type=\"page\" data-id=\"108\">Actions jeunes<\/a><\/strong><\/p>\n\n\n\n<p>Raccrochez \u00e0 un parcours emploi ou formation gr\u00e2ce \u00e0 un projet d&#8217;avenir.<\/p>\n<\/div><figure class=\"wp-block-media-text__media\"><img loading=\"lazy\" decoding=\"async\" width=\"100\" height=\"100\" src=\"http:\/\/acteurs-lr.fr\/wp-content\/uploads\/2024\/10\/picto_jeunes.jpg\" alt=\"Picto actions jeunes\" class=\"wp-image-96 size-full\"\/><\/figure><\/div>\n\n\n\n<div style=\"height:52px\" aria-hidden=\"true\" class=\"wp-block-spacer\"><\/div>\n\n\n\n<hr class=\"wp-block-separator has-alpha-channel-opacity\"\/>\n\n\n\n<p><img loading=\"lazy\" decoding=\"async\" width=\"20\" height=\"20\" class=\"wp-image-210\" style=\"width: 20px;\" src=\"http:\/\/acteurs-lr.fr\/wp-content\/uploads\/2024\/10\/download-1.gif\" alt=\"\"><a href=\"https:\/\/acteurs-lr.fr\/wp-content\/uploads\/2025\/01\/plaquette_catalogue-acteurs.pdf\" data-type=\"attachment\" data-id=\"269\"> Notre plaquette et catalogue d&#8217;actions<\/a><\/p>\n\n\n\n<p><\/p>\n","protected":false},"excerpt":{"rendered":"<p>Bilans de Comp\u00e9tences et VAE Donnez de l&#8217;\u00e9lan \u00e0 vos projets en valorisant vos comp\u00e9tences. Nos accompagnements Concr\u00e9tisez vos projets et votre retour \u00e0 l&#8217;emploi. Nos formations D\u00e9veloppez vos comp\u00e9tences pour votre orientation professionnelle. Actions jeunes Raccrochez \u00e0 un parcours emploi ou formation gr\u00e2ce \u00e0 un projet d&#8217;avenir. Notre plaquette et catalogue d&#8217;actions<\/p>\n","protected":false},"author":1,"featured_media":0,"parent":0,"menu_order":0,"comment_status":"closed","ping_status":"closed","template":"","meta":{"_themeisle_gutenberg_block_has_review":false,"footnotes":""},"class_list":["post-28","page","type-page","status-publish","hentry"],"_links":{"self":[{"href":"https:\/\/acteurs-lr.fr\/index.php\/wp-json\/wp\/v2\/pages\/28","targetHints":{"allow":["GET"]}}],"collection":[{"href":"https:\/\/acteurs-lr.fr\/index.php\/wp-json\/wp\/v2\/pages"}],"about":[{"href":"https:\/\/acteurs-lr.fr\/index.php\/wp-json\/wp\/v2\/types\/page"}],"author":[{"embeddable":true,"href":"https:\/\/acteurs-lr.fr\/index.php\/wp-json\/wp\/v2\/users\/1"}],"replies":[{"embeddable":true,"href":"https:\/\/acteurs-lr.fr\/index.php\/wp-json\/wp\/v2\/comments?post=28"}],"version-history":[{"count":13,"href":"https:\/\/acteurs-lr.fr\/index.php\/wp-json\/wp\/v2\/pages\/28\/revisions"}],"predecessor-version":[{"id":306,"href":"https:\/\/acteurs-lr.fr\/index.php\/wp-json\/wp\/v2\/pages\/28\/revisions\/306"}],"wp:attachment":[{"href":"https:\/\/acteurs-lr.fr\/index.php\/wp-json\/wp\/v2\/media?parent=28"}],"curies":[{"name":"wp","href":"https:\/\/api.w.org\/{rel}","templated":true}]}}